{"id":19194,"date":"2025-11-21T17:04:29","date_gmt":"2025-11-21T17:04:29","guid":{"rendered":"https:\/\/portugalfashion.com\/?page_id=19194"},"modified":"2025-11-26T12:16:10","modified_gmt":"2025-11-26T12:16:10","slug":"portugal-fashion-incubator-education-day","status":"publish","type":"page","link":"https:\/\/portugalfashion.com\/en\/portugal-fashion-incubator-education-day\/","title":{"rendered":"PORTUGAL FASHION INCUBATOR EDUCATION DAY"},"content":{"rendered":"<div data-elementor-type=\"wp-page\" data-elementor-id=\"19194\" class=\"elementor elementor-19194\">\n\t\t\t\t\t\t<section class=\"elementor-section elementor-top-section elementor-element elementor-element-6a52f74 elementor-section-boxed elementor-section-height-default elementor-section-height-default\" data-id=\"6a52f74\" data-element_type=\"section\">\n\t\t\t\t\t\t<div class=\"elementor-container elementor-column-gap-default\">\n\t\t\t\t\t<div class=\"elementor-column elementor-col-50 elementor-top-column elementor-element elementor-element-94962e7\" data-id=\"94962e7\" data-element_type=\"column\">\n\t\t\t<div class=\"elementor-widget-wrap elementor-element-populated\">\n\t\t\t\t\r\n    <style>#elementor-panel-category-pro-elements, #elementor-panel-category-woocommerce-elements, #elementor-panel-category-theme-elements, #elementor-panel-get-pro-elements, .elementor-nerd-box{display: none !important;}<\/style>\r\n    \t\t<div class=\"elementor-element elementor-element-b375a44 elementor-widget elementor-widget-image\" data-id=\"b375a44\" data-element_type=\"widget\" data-widget_type=\"image.default\">\n\t\t\t\t<div class=\"elementor-widget-container\">\n\t\t\t\t\t\t\t\t\t\t\t\t\t\t\t<img fetchpriority=\"high\" decoding=\"async\" width=\"819\" height=\"1024\" src=\"https:\/\/portugalfashion.com\/wp-content\/uploads\/2025\/11\/Education-Day-819x1024.png\" class=\"attachment-large size-large wp-image-19182\" alt=\"\" srcset=\"https:\/\/portugalfashion.com\/wp-content\/uploads\/2025\/11\/Education-Day-819x1024.png 819w, https:\/\/portugalfashion.com\/wp-content\/uploads\/2025\/11\/Education-Day-240x300.png 240w, https:\/\/portugalfashion.com\/wp-content\/uploads\/2025\/11\/Education-Day-768x960.png 768w, https:\/\/portugalfashion.com\/wp-content\/uploads\/2025\/11\/Education-Day-1228x1536.png 1228w, https:\/\/portugalfashion.com\/wp-content\/uploads\/2025\/11\/Education-Day-10x12.png 10w, https:\/\/portugalfashion.com\/wp-content\/uploads\/2025\/11\/Education-Day.png 1350w\" sizes=\"(max-width: 819px) 100vw, 819px\" \/>\t\t\t\t\t\t\t\t\t\t\t\t\t\t\t<\/div>\n\t\t\t\t<\/div>\n\t\t\t\t\t<\/div>\n\t\t<\/div>\n\t\t\t\t<div class=\"elementor-column elementor-col-50 elementor-top-column elementor-element elementor-element-7acc548\" data-id=\"7acc548\" data-element_type=\"column\">\n\t\t\t<div class=\"elementor-widget-wrap elementor-element-populated\">\n\t\t\t\t\t\t<div class=\"elementor-element elementor-element-c799d2a elementor-widget elementor-widget-text-editor\" data-id=\"c799d2a\" data-element_type=\"widget\" data-widget_type=\"text-editor.default\">\n\t\t\t\t<div class=\"elementor-widget-container\">\n\t\t\t\t\t\t\t\t\t<h1 class=\"title-single-post\">PORTUGAL FASHION INCUBATOR EDUCATION DAY<\/h1><p>On November 27, at Casa da Arquitectura, in Matosinhos, Portugal Fashion promotes the Portugal Fashion Incubator \u2013 Education Day, a meeting dedicated to strengthening the connection between students, schools, and the fashion industry in Portugal. The initiative aims to create a space for real exchange, where education and the market meet in a constructive, open, and horizontal dialogue.<\/p><p>\u00a0<\/p><h5 data-start=\"731\" data-end=\"752\"><strong data-start=\"734\" data-end=\"752\">About the Event<\/strong><\/h5><p data-start=\"753\" data-end=\"1267\">The event brings together students, teachers, and professionals to discuss challenges, expectations, and opportunities in fashion education, through three main panels: \u201cFrom the Students to the Schools &amp; Industry\u201d, \u201cFrom the Schools to the Students &amp; Industry\u201d, and \u201cFrom the Industry to the Students &amp; Teaching Community\u201d. The programme aims to open new perspectives on how fashion is taught, learned, and practiced in Portugal, reinforcing the need for greater collaboration among all stakeholders in the sector.<\/p><p data-start=\"1269\" data-end=\"1442\">The meeting concludes with an informal moment of networking and exchange, open to all participants, encouraging the cross-pollination of ideas and the emergence of new collaborations.<\/p><p data-start=\"1897\" data-end=\"2000\">\u00a0<\/p>\t\t\t\t\t\t\t\t<\/div>\n\t\t\t\t<\/div>\n\t\t\t\t\t<\/div>\n\t\t<\/div>\n\t\t\t\t\t<\/div>\n\t\t<\/section>\n\t\t\t\t<section class=\"elementor-section elementor-top-section elementor-element elementor-element-ab953f4 elementor-section-boxed elementor-section-height-default elementor-section-height-default\" data-id=\"ab953f4\" data-element_type=\"section\">\n\t\t\t\t\t\t<div class=\"elementor-container elementor-column-gap-default\">\n\t\t\t\t\t<div class=\"elementor-column elementor-col-100 elementor-top-column elementor-element elementor-element-9b01d6b\" data-id=\"9b01d6b\" data-element_type=\"column\">\n\t\t\t<div class=\"elementor-widget-wrap elementor-element-populated\">\n\t\t\t\t\t\t<div class=\"elementor-element elementor-element-b5d5ee4 elementor-widget elementor-widget-text-editor\" data-id=\"b5d5ee4\" data-element_type=\"widget\" data-widget_type=\"text-editor.default\">\n\t\t\t\t<div class=\"elementor-widget-container\">\n\t\t\t\t\t\t\t\t\t<h2 data-start=\"1879\" data-end=\"1896\"><strong data-start=\"1882\" data-end=\"1896\">REGISTRATION<\/strong><\/h2><p data-start=\"1897\" data-end=\"2000\">Participation is limited to venue capacity and free of charge, subject to prior registration via an online form: <a href=\"https:\/\/docs.google.com\/forms\/d\/e\/1FAIpQLSd7SOS3FqkcoUtbo-qBKCxViZtSirE2Mud0NL9FpP_1EecfLQ\/viewform\">Inscri\u00e7\u00f5es<\/a><\/p><h2 data-start=\"191\" data-end=\"214\"><strong data-start=\"191\" data-end=\"214\">PROGRAMME &amp; SPEAKERS<\/strong><\/h2><p data-start=\"216\" data-end=\"257\"><strong>3:00 PM \u2013 Check-in @ Casa da Arquitectura<\/strong><\/p><p data-start=\"259\" data-end=\"350\"><strong>3:30 PM \u2013 Opening \u2013 Portugal Fashion Incubator \u2013 Education Day<\/strong><\/p><p data-start=\"259\" data-end=\"350\"><span style=\"text-decoration: underline;\">Opening Speakers:<\/span><\/p><p data-start=\"353\" data-end=\"397\">\u2013 M\u00f3nica Neto \u2013 Director of Portugal Fashion<\/p><p data-start=\"400\" data-end=\"463\">\u2013 Marta Marques &amp; Paulo Almeida \u2013 Founders of Marques\u2019Almeida<\/p><p data-start=\"465\" data-end=\"645\"><strong>4:00 PM \u2013 Panel 1 \u2013 \u201cFrom the Students to the Schools &amp; Industry\u201d<\/strong><\/p><p data-start=\"465\" data-end=\"645\" class=\"translation-block\">Moderation:<\/p><p data-start=\"465\" data-end=\"645\"><span style=\"text-decoration: underline;\">Guests (students and alumni):<\/span><\/p><p>&#8211; Andr\u00e9 Vieira &#8211; FAUL<\/p><p>&#8211; Gabriela Oliveira- UMINHO<\/p><p>&#8211; Jos\u00e9 Vieira &#8211; EMP<\/p><p>&#8211; Maria Carlos Baptista &#8211; MODATEX LX<\/p><p>&#8211; Ana Lu\u00edsa Tom\u00e1s Beleza &#8211; UBI<\/p><p>&#8211; Beatriz Boia &#8211; LUSOFONA<\/p><p>&#8211; Ana Rita de Sousa &#8211; MODATEX PT<\/p><p>&#8211; Maria Jo\u00e3o Cunha- ESAD<\/p><p data-start=\"647\" data-end=\"840\"><strong>4:45 PM \u2013 Panel 2 \u2013 \u201cFrom the Schools to the Students &amp; Industry\u201d<\/strong><\/p><p data-start=\"647\" data-end=\"840\" class=\"translation-block\">Moderation:<\/p><p data-start=\"647\" data-end=\"840\"><span style=\"text-decoration: underline;\">Guests (teachers \/ faculty):<\/span><\/p><p>&#8211;\u00a0 Joana Teodoro \/ Anita Gon\u00e7alves \u2013 ESAD<\/p><p>&#8211;\u00a0 Jo\u00e3o Melo Costa \u2013 Modatex Porto<\/p><p>&#8211;\u00a0 Gianni Montagna \u2013 FAUL<\/p><p>&#8211;\u00a0 Susana Bettencourt \u2013 Universidade do Minho<\/p><p>&#8211;\u00a0 Cristina Barradas \u2013 Modatex Lisboa<\/p><p>&#8211;\u00a0 Lu\u00eds Buchinho \u2013 Lus\u00f3fona<\/p><p>&#8211;\u00a0 Rafaela Norogrando \u2013 Universidade da Beira Interior<\/p><p>&#8211;\u00a0 S\u00edlvia Rocha \u2013 Escola de Moda do Porto<\/p><p data-start=\"1162\" data-end=\"1177\"><strong>5:30 PM \u2013 Break<\/strong><\/p><p data-start=\"1179\" data-end=\"1372\"><strong>5:45 PM \u2013 Panel 3 \u2013 \u201cFrom the Industry to the Students &amp; Teaching Community\u201d<\/strong><\/p><p data-start=\"1179\" data-end=\"1372\" class=\"translation-block\">Moderation:<\/p><p data-start=\"1179\" data-end=\"1372\"><span style=\"text-decoration: underline;\">Guests (industry leaders):<\/span><\/p><p data-start=\"1375\" data-end=\"1428\">&#8211;\u00a0 In\u00eas Amorim &amp; Reid Baker \u2013 Owners at ERNEST W BAKER<\/p><p data-start=\"1431\" data-end=\"1480\">&#8211;\u00a0 F\u00e9lix Santos \u2013 Fashion Design Director at Salsa Jeans<\/p><p data-start=\"1483\" data-end=\"1531\">&#8211;\u00a0 Constan\u00e7a Entrudo \u2013 Owner at Constan\u00e7a Entrudo<\/p><p data-start=\"1534\" data-end=\"1628\">&#8211;\u00a0 Albano Fernandes \u2013 CEO at AMF Shoes; Dire\u00e7\u00e3o da APICCAPS; Conselho de Administra\u00e7\u00e3o do CFPIC<\/p><p data-start=\"1631\" data-end=\"1747\">&#8211;\u00a0 Nuno Malheiro \u2013 Vice-Presidente da ANJE; Coordenador da PG de Fashion Management da Cat\u00f3lica Porto Business School<\/p><p data-start=\"1750\" data-end=\"1820\">&#8211;\u00a0 Jaqueline Nicolle de Zutter \u2013 Business &amp; Product Director at Triwool<\/p><p data-start=\"1823\" data-end=\"1882\">&#8211;\u00a0 Laura Pedrosa \u2013 Watches &amp; Footwear Coordinator at Parfois<\/p><p data-start=\"1884\" data-end=\"2041\"><strong>6:30 PM \u2013 Closing \u2013 \u201cCommunity &amp; Connection\u201d <\/strong><strong>Sharing &amp; Networking Informal Experience<\/strong><\/p><p data-start=\"1884\" data-end=\"2041\"><span style=\"text-decoration: underline;\">Closing Speaker:<\/span><\/p><p data-start=\"1884\" data-end=\"2041\">\u2013 Carlos Carvalho \u2013 President of ANJE<\/p>\t\t\t\t\t\t\t\t<\/div>\n\t\t\t\t<\/div>\n\t\t\t\t\t<\/div>\n\t\t<\/div>\n\t\t\t\t\t<\/div>\n\t\t<\/section>\n\t\t\t\t<\/div>","protected":false},"excerpt":{"rendered":"<p>PORTUGAL FASHION INCUBATOR EDUCATION DAY No dia 27 de novembro, na Casa da Arquitectura, em Matosinhos, o Portugal Fashion promove o Portugal Fashion Incubator \u2013 Education Day, um encontro dedicado a fortalecer a liga\u00e7\u00e3o entre estudantes, escolas e a ind\u00fastria da moda em Portugal. A iniciativa pretende criar um espa\u00e7o de partilha real, onde ensino [&hellip;]<\/p>","protected":false},"author":6,"featured_media":0,"parent":0,"menu_order":0,"comment_status":"closed","ping_status":"closed","template":"","meta":{"_acf_changed":false,"_monsterinsights_skip_tracking":false,"_monsterinsights_sitenote_active":false,"_monsterinsights_sitenote_note":"","_monsterinsights_sitenote_category":0,"footnotes":""},"class_list":["post-19194","page","type-page","status-publish","hentry"],"acf":[],"yoast_head":"<!-- This site is optimized with the Yoast SEO plugin v24.2 - https:\/\/yoast.com\/wordpress\/plugins\/seo\/ -->\n<title>PORTUGAL FASHION INCUBATOR EDUCATION DAY - Portugal Fashion<\/title>\n<meta name=\"robots\" content=\"index, follow, max-snippet:-1, max-image-preview:large, max-video-preview:-1\" \/>\n<link rel=\"canonical\" href=\"https:\/\/portugalfashion.com\/en\/portugal-fashion-incubator-education-day\/\" \/>\n<meta property=\"og:locale\" content=\"en_GB\" \/>\n<meta property=\"og:type\" content=\"article\" \/>\n<meta property=\"og:title\" content=\"PORTUGAL FASHION INCUBATOR EDUCATION DAY - Portugal Fashion\" \/>\n<meta property=\"og:description\" content=\"PORTUGAL FASHION INCUBATOR EDUCATION DAY No dia 27 de novembro, na Casa da Arquitectura, em Matosinhos, o Portugal Fashion promove o Portugal Fashion Incubator \u2013 Education Day, um encontro dedicado a fortalecer a liga\u00e7\u00e3o entre estudantes, escolas e a ind\u00fastria da moda em Portugal. A iniciativa pretende criar um espa\u00e7o de partilha real, onde ensino [&hellip;]\" \/>\n<meta property=\"og:url\" content=\"https:\/\/portugalfashion.com\/en\/portugal-fashion-incubator-education-day\/\" \/>\n<meta property=\"og:site_name\" content=\"Portugal Fashion\" \/>\n<meta property=\"article:modified_time\" content=\"2025-11-26T12:16:10+00:00\" \/>\n<meta property=\"og:image\" content=\"https:\/\/portugalfashion.com\/wp-content\/uploads\/2025\/11\/Education-Day-819x1024.png\" \/>\n\t<meta property=\"og:image:width\" content=\"819\" \/>\n\t<meta property=\"og:image:height\" content=\"1024\" \/>\n\t<meta property=\"og:image:type\" content=\"image\/png\" \/>\n<meta name=\"twitter:card\" content=\"summary_large_image\" \/>\n<meta name=\"twitter:label1\" content=\"Est. reading time\" \/>\n\t<meta name=\"twitter:data1\" content=\"3 minutes\" \/>\n<script type=\"application\/ld+json\" class=\"yoast-schema-graph\">{\"@context\":\"https:\/\/schema.org\",\"@graph\":[{\"@type\":\"WebPage\",\"@id\":\"https:\/\/portugalfashion.com\/portugal-fashion-incubator-education-day\/\",\"url\":\"https:\/\/portugalfashion.com\/portugal-fashion-incubator-education-day\/\",\"name\":\"PORTUGAL FASHION INCUBATOR EDUCATION DAY - Portugal Fashion\",\"isPartOf\":{\"@id\":\"https:\/\/portugalfashion.com\/#website\"},\"primaryImageOfPage\":{\"@id\":\"https:\/\/portugalfashion.com\/portugal-fashion-incubator-education-day\/#primaryimage\"},\"image\":{\"@id\":\"https:\/\/portugalfashion.com\/portugal-fashion-incubator-education-day\/#primaryimage\"},\"thumbnailUrl\":\"https:\/\/portugalfashion.com\/wp-content\/uploads\/2025\/11\/Education-Day-819x1024.png\",\"datePublished\":\"2025-11-21T17:04:29+00:00\",\"dateModified\":\"2025-11-26T12:16:10+00:00\",\"breadcrumb\":{\"@id\":\"https:\/\/portugalfashion.com\/portugal-fashion-incubator-education-day\/#breadcrumb\"},\"inLanguage\":\"en-GB\",\"potentialAction\":[{\"@type\":\"ReadAction\",\"target\":[\"https:\/\/portugalfashion.com\/portugal-fashion-incubator-education-day\/\"]}]},{\"@type\":\"ImageObject\",\"inLanguage\":\"en-GB\",\"@id\":\"https:\/\/portugalfashion.com\/portugal-fashion-incubator-education-day\/#primaryimage\",\"url\":\"https:\/\/portugalfashion.com\/wp-content\/uploads\/2025\/11\/Education-Day-819x1024.png\",\"contentUrl\":\"https:\/\/portugalfashion.com\/wp-content\/uploads\/2025\/11\/Education-Day-819x1024.png\"},{\"@type\":\"BreadcrumbList\",\"@id\":\"https:\/\/portugalfashion.com\/portugal-fashion-incubator-education-day\/#breadcrumb\",\"itemListElement\":[{\"@type\":\"ListItem\",\"position\":1,\"name\":\"Home\",\"item\":\"https:\/\/portugalfashion.com\/\"},{\"@type\":\"ListItem\",\"position\":2,\"name\":\"PORTUGAL FASHION INCUBATOR EDUCATION DAY\"}]},{\"@type\":\"WebSite\",\"@id\":\"https:\/\/portugalfashion.com\/#website\",\"url\":\"https:\/\/portugalfashion.com\/\",\"name\":\"Portugal Fashion\",\"description\":\"Moda e Eventos\",\"publisher\":{\"@id\":\"https:\/\/portugalfashion.com\/#organization\"},\"potentialAction\":[{\"@type\":\"SearchAction\",\"target\":{\"@type\":\"EntryPoint\",\"urlTemplate\":\"https:\/\/portugalfashion.com\/?s={search_term_string}\"},\"query-input\":{\"@type\":\"PropertyValueSpecification\",\"valueRequired\":true,\"valueName\":\"search_term_string\"}}],\"inLanguage\":\"en-GB\"},{\"@type\":\"Organization\",\"@id\":\"https:\/\/portugalfashion.com\/#organization\",\"name\":\"Portugal Fashion\",\"url\":\"https:\/\/portugalfashion.com\/\",\"logo\":{\"@type\":\"ImageObject\",\"inLanguage\":\"en-GB\",\"@id\":\"https:\/\/portugalfashion.com\/#\/schema\/logo\/image\/\",\"url\":\"http:\/\/portugalfashion.com\/wp-content\/uploads\/2021\/08\/animated-logo-pf-black.svg\",\"contentUrl\":\"http:\/\/portugalfashion.com\/wp-content\/uploads\/2021\/08\/animated-logo-pf-black.svg\",\"width\":1374,\"height\":670,\"caption\":\"Portugal Fashion\"},\"image\":{\"@id\":\"https:\/\/portugalfashion.com\/#\/schema\/logo\/image\/\"}}]}<\/script>\n<!-- \/ Yoast SEO plugin. -->","yoast_head_json":{"title":"PORTUGAL FASHION INCUBATOR EDUCATION DAY - Portugal Fashion","robots":{"index":"index","follow":"follow","max-snippet":"max-snippet:-1","max-image-preview":"max-image-preview:large","max-video-preview":"max-video-preview:-1"},"canonical":"https:\/\/portugalfashion.com\/en\/portugal-fashion-incubator-education-day\/","og_locale":"en_GB","og_type":"article","og_title":"PORTUGAL FASHION INCUBATOR EDUCATION DAY - Portugal Fashion","og_description":"PORTUGAL FASHION INCUBATOR EDUCATION DAY No dia 27 de novembro, na Casa da Arquitectura, em Matosinhos, o Portugal Fashion promove o Portugal Fashion Incubator \u2013 Education Day, um encontro dedicado a fortalecer a liga\u00e7\u00e3o entre estudantes, escolas e a ind\u00fastria da moda em Portugal. A iniciativa pretende criar um espa\u00e7o de partilha real, onde ensino [&hellip;]","og_url":"https:\/\/portugalfashion.com\/en\/portugal-fashion-incubator-education-day\/","og_site_name":"Portugal Fashion","article_modified_time":"2025-11-26T12:16:10+00:00","og_image":[{"width":819,"height":1024,"url":"https:\/\/portugalfashion.com\/wp-content\/uploads\/2025\/11\/Education-Day-819x1024.png","type":"image\/png"}],"twitter_card":"summary_large_image","twitter_misc":{"Est. reading time":"3 minutes"},"schema":{"@context":"https:\/\/schema.org","@graph":[{"@type":"WebPage","@id":"https:\/\/portugalfashion.com\/portugal-fashion-incubator-education-day\/","url":"https:\/\/portugalfashion.com\/portugal-fashion-incubator-education-day\/","name":"PORTUGAL FASHION INCUBATOR EDUCATION DAY - Portugal Fashion","isPartOf":{"@id":"https:\/\/portugalfashion.com\/#website"},"primaryImageOfPage":{"@id":"https:\/\/portugalfashion.com\/portugal-fashion-incubator-education-day\/#primaryimage"},"image":{"@id":"https:\/\/portugalfashion.com\/portugal-fashion-incubator-education-day\/#primaryimage"},"thumbnailUrl":"https:\/\/portugalfashion.com\/wp-content\/uploads\/2025\/11\/Education-Day-819x1024.png","datePublished":"2025-11-21T17:04:29+00:00","dateModified":"2025-11-26T12:16:10+00:00","breadcrumb":{"@id":"https:\/\/portugalfashion.com\/portugal-fashion-incubator-education-day\/#breadcrumb"},"inLanguage":"en-GB","potentialAction":[{"@type":"ReadAction","target":["https:\/\/portugalfashion.com\/portugal-fashion-incubator-education-day\/"]}]},{"@type":"ImageObject","inLanguage":"en-GB","@id":"https:\/\/portugalfashion.com\/portugal-fashion-incubator-education-day\/#primaryimage","url":"https:\/\/portugalfashion.com\/wp-content\/uploads\/2025\/11\/Education-Day-819x1024.png","contentUrl":"https:\/\/portugalfashion.com\/wp-content\/uploads\/2025\/11\/Education-Day-819x1024.png"},{"@type":"BreadcrumbList","@id":"https:\/\/portugalfashion.com\/portugal-fashion-incubator-education-day\/#breadcrumb","itemListElement":[{"@type":"ListItem","position":1,"name":"Home","item":"https:\/\/portugalfashion.com\/"},{"@type":"ListItem","position":2,"name":"PORTUGAL FASHION INCUBATOR EDUCATION DAY"}]},{"@type":"WebSite","@id":"https:\/\/portugalfashion.com\/#website","url":"https:\/\/portugalfashion.com\/","name":"Portugal Fashion","description":"Moda e Eventos","publisher":{"@id":"https:\/\/portugalfashion.com\/#organization"},"potentialAction":[{"@type":"SearchAction","target":{"@type":"EntryPoint","urlTemplate":"https:\/\/portugalfashion.com\/?s={search_term_string}"},"query-input":{"@type":"PropertyValueSpecification","valueRequired":true,"valueName":"search_term_string"}}],"inLanguage":"en-GB"},{"@type":"Organization","@id":"https:\/\/portugalfashion.com\/#organization","name":"Portugal Fashion","url":"https:\/\/portugalfashion.com\/","logo":{"@type":"ImageObject","inLanguage":"en-GB","@id":"https:\/\/portugalfashion.com\/#\/schema\/logo\/image\/","url":"http:\/\/portugalfashion.com\/wp-content\/uploads\/2021\/08\/animated-logo-pf-black.svg","contentUrl":"http:\/\/portugalfashion.com\/wp-content\/uploads\/2021\/08\/animated-logo-pf-black.svg","width":1374,"height":670,"caption":"Portugal Fashion"},"image":{"@id":"https:\/\/portugalfashion.com\/#\/schema\/logo\/image\/"}}]}},"_links":{"self":[{"href":"https:\/\/portugalfashion.com\/en\/wp-json\/wp\/v2\/pages\/19194","targetHints":{"allow":["GET"]}}],"collection":[{"href":"https:\/\/portugalfashion.com\/en\/wp-json\/wp\/v2\/pages"}],"about":[{"href":"https:\/\/portugalfashion.com\/en\/wp-json\/wp\/v2\/types\/page"}],"author":[{"embeddable":true,"href":"https:\/\/portugalfashion.com\/en\/wp-json\/wp\/v2\/users\/6"}],"replies":[{"embeddable":true,"href":"https:\/\/portugalfashion.com\/en\/wp-json\/wp\/v2\/comments?post=19194"}],"version-history":[{"count":27,"href":"https:\/\/portugalfashion.com\/en\/wp-json\/wp\/v2\/pages\/19194\/revisions"}],"predecessor-version":[{"id":19222,"href":"https:\/\/portugalfashion.com\/en\/wp-json\/wp\/v2\/pages\/19194\/revisions\/19222"}],"wp:attachment":[{"href":"https:\/\/portugalfashion.com\/en\/wp-json\/wp\/v2\/media?parent=19194"}],"curies":[{"name":"wp","href":"https:\/\/api.w.org\/{rel}","templated":true}]}}